{"id":339,"date":"2023-06-14T12:39:25","date_gmt":"2023-06-14T12:39:25","guid":{"rendered":"https:\/\/blend.imm.medicina.ulisboa.pt\/?page_id=339"},"modified":"2023-06-14T14:34:55","modified_gmt":"2023-06-14T14:34:55","slug":"na-pele-diana-mordido-aires","status":"publish","type":"page","link":"https:\/\/blend.imm.medicina.ulisboa.pt\/na-pele-diana-mordido-aires\/","title":{"rendered":"Na pele | Diana Mordido Aires"},"content":{"rendered":"\n<p class=\"has-text-align-right has-text-color\" style=\"color:#504e4e;font-size:40px\"><strong>Na pele<\/strong><\/p>\n\n\n\n<p class=\"has-text-align-right has-text-color\" style=\"color:#858484;font-size:30px\">Diana Mordido Aires<\/p>\n\n\n\n<div class=\"wp-block-image\"><figure class=\"aligncenter size-full\"><img loading=\"lazy\" width=\"772\" height=\"434\" src=\"http:\/\/blend.imm.medicina.ulisboa.pt\/wp-content\/uploads\/sites\/30\/2023\/06\/Na-pele-1.png\" alt=\"\" class=\"wp-image-351\" srcset=\"https:\/\/blend.imm.medicina.ulisboa.pt\/wp-content\/uploads\/sites\/30\/2023\/06\/Na-pele-1.png 772w, https:\/\/blend.imm.medicina.ulisboa.pt\/wp-content\/uploads\/sites\/30\/2023\/06\/Na-pele-1-300x169.png 300w, https:\/\/blend.imm.medicina.ulisboa.pt\/wp-content\/uploads\/sites\/30\/2023\/06\/Na-pele-1-768x432.png 768w\" sizes=\"(max-width: 772px) 100vw, 772px\" \/><\/figure><\/div>\n\n\n\n<p><strong>PT\/\/<\/strong><\/p>\n\n\n\n<p>Estas tr\u00eas telas s\u00e3o feitas de kombucha. Ap\u00f3s um longo processo para que este scoby se desenvolvesse, com muitas tentativas e erros, comecei a criar, aos poucos, paralelos entre a minha realidade e a desta cultura de bact\u00e9rias e leveduras. Estes corpos deixaram de ser apenas o material para criar algo: eles pr\u00f3prios eram algo que eu criei e alimentei, com necessidades e prefer\u00eancias para crescer. Crescem t\u00e3o r\u00e1pido.<\/p>\n\n\n\n<p>Esta envolv\u00eancia permitiu levantar quest\u00f5es sobre como \u00e9 que se estabelecem rela\u00e7\u00f5es, o que significa dar para receber algo em troca. Ser\u00e3o todas as rela\u00e7\u00f5es desequilibradas?<\/p>\n\n\n\n<p>Ap\u00f3s v\u00e1rias situa\u00e7\u00f5es performativas que pretendiam ilustrar esta rela\u00e7\u00e3o de trocas, fui tecendo paralelos entre marcas e cicatrizes, camadas e pele, contamina\u00e7\u00e3o e perda, cuidado e maternidade. Estas realidades foram exploradas atrav\u00e9s do toque e do paladar, adquirindo diferentes texturas que agora se encontram nesta pele, esticada, onde s\u00e3o projetados fragmentos deste processo, em que te dei, para depois to tirar.<\/p>\n\n\n\n<p><strong>ENG\/\/<\/strong><\/p>\n\n\n\n<p>These three canvases are made of kombucha. After a long process to get this scoby to develop, with a lot of trial and error, I began, little by little, to create parallels between my reality and the one of this culture of bacteria and yeast. These bodies were no longer, just the material to create something: they themselves were something I created and nurtured, with needs and preferences to grow. They grow so fast.<\/p>\n\n\n\n<p>This involvement raised questions about how relationships are established, what it means to give in order to receive something in return. Are ai\/ relationships unbalanced?<\/p>\n\n\n\n<p>After several performative situations that intended to illustrate this relationship of exchange, I was weaving parallels between marks and scars, layers and skin, contamination and loss, care and maternity. These realities were explored through touch and taste, acquiring different textures that are now found in this skin, stretched, where fragments of this process are projected, in which I gave you so much, to take it all away.<\/p>\n\n\n\n<div class=\"wp-block-columns\">\n<div class=\"wp-block-column\">\n<figure class=\"wp-block-image size-full\"><img loading=\"lazy\" width=\"653\" height=\"987\" src=\"http:\/\/blend.imm.medicina.ulisboa.pt\/wp-content\/uploads\/sites\/30\/2023\/06\/Na-pele-2.jpg\" alt=\"\" class=\"wp-image-352\" srcset=\"https:\/\/blend.imm.medicina.ulisboa.pt\/wp-content\/uploads\/sites\/30\/2023\/06\/Na-pele-2.jpg 653w, https:\/\/blend.imm.medicina.ulisboa.pt\/wp-content\/uploads\/sites\/30\/2023\/06\/Na-pele-2-198x300.jpg 198w\" sizes=\"(max-width: 653px) 100vw, 653px\" \/><\/figure>\n<\/div>\n\n\n\n<div class=\"wp-block-column is-vertically-aligned-center\">\n<figure class=\"wp-block-image size-full\"><img loading=\"lazy\" width=\"661\" height=\"984\" src=\"http:\/\/blend.imm.medicina.ulisboa.pt\/wp-content\/uploads\/sites\/30\/2023\/06\/Na-pele-3.jpg\" alt=\"\" class=\"wp-image-353\" srcset=\"https:\/\/blend.imm.medicina.ulisboa.pt\/wp-content\/uploads\/sites\/30\/2023\/06\/Na-pele-3.jpg 661w, https:\/\/blend.imm.medicina.ulisboa.pt\/wp-content\/uploads\/sites\/30\/2023\/06\/Na-pele-3-202x300.jpg 202w\" sizes=\"(max-width: 661px) 100vw, 661px\" \/><\/figure>\n<\/div>\n<\/div>\n\n\n\n<hr class=\"wp-block-separator is-style-wide\"\/>\n\n\n\n<p class=\"has-text-color\" style=\"color:#858484;font-size:30px\"><strong>BIO<\/strong><\/p>\n\n\n\n<p><strong>PT\/\/<\/strong><\/p>\n\n\n\n<p>Diana Mordido Aires (Vila Nova de Milfontes, 1997) \u00e9 especializada em Ourivesaria, pela Escola Secund\u00e1ria Art\u00edstica Ant\u00f3nio Arroio, estudou Pintura na Faculdade de Belas-Artes da Universidade de Lisboa (FBAUL) e \u00e9 licenciada em Media\u00e7\u00e3o Art\u00edstica e Cultural pela Escola Superior da Educa\u00e7\u00e3o de Lisboas (ESELx). Estagiou e colaborou com diferentes organiza\u00e7\u00f5es culturais -Atelier Concorde, Casa das Hist\u00f3rias Paula Rego, Cultivamos Cultura, Funda\u00e7\u00e3o Eug\u00e9nio de Almeida &#8211; Centro de Arte e Cultura, RH 1. \u00c9 nestes contextos, e na sua pr\u00e1tica art\u00edstica, que explora a interdisciplinaridade e o conceito de &#8220;territ\u00f3rio&#8221;, ao produzir discursos, din\u00e2micas e atividades que pretendem aproximar diferentes quotidianos e linguagens. \u00c9 co-fundadora e Presidente da Associa\u00e7\u00e3o Portuguesa de Media\u00e7\u00e3o Art\u00edstica e Cultural. Desde 2019 trabalha com a Cultivamos Cultura, onde desenvolve projetos educativos e \u00e9 respons\u00e1vel pela cole\u00e7\u00e3o.<\/p>\n\n\n\n<p><strong>ENG\/\/<\/strong><\/p>\n\n\n\n<p>Diana Mordido Aires (Vila Nova de Mi\/fontes, 1997) is specialized in Jewellery, by Escola Secund\u00e1ria Art\u00edstica Ant\u00f3nio Arroio, studied Painting at Faculdade de Belas-Artes da Universidade de Lisboa (FBAUL) and has a degree in Artistic and Cultural Mediation by Escola Superior da Educa\u00e7\u00e3o de Lisboas (ESELx). She has worked as a intern and collaborated with different cultural organisations -Atelier Concorde, Casa das Hist\u00f3rias Paula Rego, Cultivamos Cultura, Funda\u00e7\u00e3o Eug\u00e9nio de Almeida &#8211; Centro de Arte e Cultura, RHI. lt is in these contexts, and in her artistic practice, that she explores interdisciplinarity and the concept of &#8220;territory&#8217;; by producing discourses, dynamics and activities that aim to bring together different daily lives and languages. She is co-founder and President of the Portuguese Association of Artistic and Cultural Mediation. Since 2019 she has been working with Cultivamos Cultura, where she develops educational projects and is responsible for the collection.<\/p>\n","protected":false},"excerpt":{"rendered":"<p>Na pele Diana Mordido Aires PT\/\/ Estas tr\u00eas telas s\u00e3o feitas de kombucha. Ap\u00f3s um longo processo para que este scoby se desenvolvesse, com muitas tentativas e erros, comecei a criar, aos poucos, paralelos entre a minha realidade e a desta cultura de bact\u00e9rias e leveduras. Estes corpos deixaram de ser apenas o material para &hellip; <a href=\"https:\/\/blend.imm.medicina.ulisboa.pt\/na-pele-diana-mordido-aires\/\">Continued<\/a><\/p>\n","protected":false},"author":13,"featured_media":0,"parent":0,"menu_order":0,"comment_status":"closed","ping_status":"closed","template":"views\/template-900.blade.php","meta":[],"yoast_head":"<!-- This site is optimized with the Yoast SEO plugin v17.4 - https:\/\/yoast.com\/wordpress\/plugins\/seo\/ -->\n<title>Na pele | Diana Mordido Aires - Blend<\/title>\n<meta name=\"robots\" content=\"index, follow, max-snippet:-1, max-image-preview:large, max-video-preview:-1\" \/>\n<link rel=\"canonical\" href=\"https:\/\/blend.imm.medicina.ulisboa.pt\/na-pele-diana-mordido-aires\/\" \/>\n<meta property=\"og:locale\" content=\"pt_PT\" \/>\n<meta property=\"og:type\" content=\"article\" \/>\n<meta property=\"og:title\" content=\"Na pele | Diana Mordido Aires - Blend\" \/>\n<meta property=\"og:description\" content=\"Na pele Diana Mordido Aires PT\/\/ Estas tr\u00eas telas s\u00e3o feitas de kombucha. Ap\u00f3s um longo processo para que este scoby se desenvolvesse, com muitas tentativas e erros, comecei a criar, aos poucos, paralelos entre a minha realidade e a desta cultura de bact\u00e9rias e leveduras. Estes corpos deixaram de ser apenas o material para &hellip; Continued\" \/>\n<meta property=\"og:url\" content=\"https:\/\/blend.imm.medicina.ulisboa.pt\/na-pele-diana-mordido-aires\/\" \/>\n<meta property=\"og:site_name\" content=\"Blend\" \/>\n<meta property=\"article:modified_time\" content=\"2023-06-14T14:34:55+00:00\" \/>\n<meta property=\"og:image\" content=\"http:\/\/blend.imm.medicina.ulisboa.pt\/wp-content\/uploads\/sites\/30\/2023\/06\/Na-pele-1.png\" \/>\n<meta name=\"twitter:card\" content=\"summary_large_image\" \/>\n<meta name=\"twitter:label1\" content=\"Tempo estimado de leitura\" \/>\n\t<meta name=\"twitter:data1\" content=\"4 minutos\" \/>\n<script type=\"application\/ld+json\" class=\"yoast-schema-graph\">{\"@context\":\"https:\/\/schema.org\",\"@graph\":[{\"@type\":\"WebSite\",\"@id\":\"https:\/\/blend.imm.medicina.ulisboa.pt\/en\/#website\",\"url\":\"https:\/\/blend.imm.medicina.ulisboa.pt\/en\/\",\"name\":\"Blend\",\"description\":\"Arte contempor\\u00e2nea em di\\u00e1logo com medicina e ci\\u00eancia\",\"potentialAction\":[{\"@type\":\"SearchAction\",\"target\":{\"@type\":\"EntryPoint\",\"urlTemplate\":\"https:\/\/blend.imm.medicina.ulisboa.pt\/en\/?s={search_term_string}\"},\"query-input\":\"required name=search_term_string\"}],\"inLanguage\":\"pt-PT\"},{\"@type\":\"ImageObject\",\"@id\":\"https:\/\/blend.imm.medicina.ulisboa.pt\/na-pele-diana-mordido-aires\/#primaryimage\",\"inLanguage\":\"pt-PT\",\"url\":\"http:\/\/blend.imm.medicina.ulisboa.pt\/wp-content\/uploads\/sites\/30\/2023\/06\/Na-pele-1.png\",\"contentUrl\":\"http:\/\/blend.imm.medicina.ulisboa.pt\/wp-content\/uploads\/sites\/30\/2023\/06\/Na-pele-1.png\"},{\"@type\":\"WebPage\",\"@id\":\"https:\/\/blend.imm.medicina.ulisboa.pt\/na-pele-diana-mordido-aires\/#webpage\",\"url\":\"https:\/\/blend.imm.medicina.ulisboa.pt\/na-pele-diana-mordido-aires\/\",\"name\":\"Na pele | Diana Mordido Aires - Blend\",\"isPartOf\":{\"@id\":\"https:\/\/blend.imm.medicina.ulisboa.pt\/en\/#website\"},\"primaryImageOfPage\":{\"@id\":\"https:\/\/blend.imm.medicina.ulisboa.pt\/na-pele-diana-mordido-aires\/#primaryimage\"},\"datePublished\":\"2023-06-14T12:39:25+00:00\",\"dateModified\":\"2023-06-14T14:34:55+00:00\",\"breadcrumb\":{\"@id\":\"https:\/\/blend.imm.medicina.ulisboa.pt\/na-pele-diana-mordido-aires\/#breadcrumb\"},\"inLanguage\":\"pt-PT\",\"potentialAction\":[{\"@type\":\"ReadAction\",\"target\":[\"https:\/\/blend.imm.medicina.ulisboa.pt\/na-pele-diana-mordido-aires\/\"]}]},{\"@type\":\"BreadcrumbList\",\"@id\":\"https:\/\/blend.imm.medicina.ulisboa.pt\/na-pele-diana-mordido-aires\/#breadcrumb\",\"itemListElement\":[{\"@type\":\"ListItem\",\"position\":1,\"name\":\"Home\",\"item\":\"https:\/\/blend.imm.medicina.ulisboa.pt\/\"},{\"@type\":\"ListItem\",\"position\":2,\"name\":\"Na pele | Diana Mordido Aires\"}]}]}<\/script>\n<!-- \/ Yoast SEO plugin. -->","yoast_head_json":{"title":"Na pele | Diana Mordido Aires - Blend","robots":{"index":"index","follow":"follow","max-snippet":"max-snippet:-1","max-image-preview":"max-image-preview:large","max-video-preview":"max-video-preview:-1"},"canonical":"https:\/\/blend.imm.medicina.ulisboa.pt\/na-pele-diana-mordido-aires\/","og_locale":"pt_PT","og_type":"article","og_title":"Na pele | Diana Mordido Aires - Blend","og_description":"Na pele Diana Mordido Aires PT\/\/ Estas tr\u00eas telas s\u00e3o feitas de kombucha. Ap\u00f3s um longo processo para que este scoby se desenvolvesse, com muitas tentativas e erros, comecei a criar, aos poucos, paralelos entre a minha realidade e a desta cultura de bact\u00e9rias e leveduras. Estes corpos deixaram de ser apenas o material para &hellip; Continued","og_url":"https:\/\/blend.imm.medicina.ulisboa.pt\/na-pele-diana-mordido-aires\/","og_site_name":"Blend","article_modified_time":"2023-06-14T14:34:55+00:00","og_image":[{"url":"http:\/\/blend.imm.medicina.ulisboa.pt\/wp-content\/uploads\/sites\/30\/2023\/06\/Na-pele-1.png"}],"twitter_card":"summary_large_image","twitter_misc":{"Tempo estimado de leitura":"4 minutos"},"schema":{"@context":"https:\/\/schema.org","@graph":[{"@type":"WebSite","@id":"https:\/\/blend.imm.medicina.ulisboa.pt\/en\/#website","url":"https:\/\/blend.imm.medicina.ulisboa.pt\/en\/","name":"Blend","description":"Arte contempor\u00e2nea em di\u00e1logo com medicina e ci\u00eancia","potentialAction":[{"@type":"SearchAction","target":{"@type":"EntryPoint","urlTemplate":"https:\/\/blend.imm.medicina.ulisboa.pt\/en\/?s={search_term_string}"},"query-input":"required name=search_term_string"}],"inLanguage":"pt-PT"},{"@type":"ImageObject","@id":"https:\/\/blend.imm.medicina.ulisboa.pt\/na-pele-diana-mordido-aires\/#primaryimage","inLanguage":"pt-PT","url":"http:\/\/blend.imm.medicina.ulisboa.pt\/wp-content\/uploads\/sites\/30\/2023\/06\/Na-pele-1.png","contentUrl":"http:\/\/blend.imm.medicina.ulisboa.pt\/wp-content\/uploads\/sites\/30\/2023\/06\/Na-pele-1.png"},{"@type":"WebPage","@id":"https:\/\/blend.imm.medicina.ulisboa.pt\/na-pele-diana-mordido-aires\/#webpage","url":"https:\/\/blend.imm.medicina.ulisboa.pt\/na-pele-diana-mordido-aires\/","name":"Na pele | Diana Mordido Aires - Blend","isPartOf":{"@id":"https:\/\/blend.imm.medicina.ulisboa.pt\/en\/#website"},"primaryImageOfPage":{"@id":"https:\/\/blend.imm.medicina.ulisboa.pt\/na-pele-diana-mordido-aires\/#primaryimage"},"datePublished":"2023-06-14T12:39:25+00:00","dateModified":"2023-06-14T14:34:55+00:00","breadcrumb":{"@id":"https:\/\/blend.imm.medicina.ulisboa.pt\/na-pele-diana-mordido-aires\/#breadcrumb"},"inLanguage":"pt-PT","potentialAction":[{"@type":"ReadAction","target":["https:\/\/blend.imm.medicina.ulisboa.pt\/na-pele-diana-mordido-aires\/"]}]},{"@type":"BreadcrumbList","@id":"https:\/\/blend.imm.medicina.ulisboa.pt\/na-pele-diana-mordido-aires\/#breadcrumb","itemListElement":[{"@type":"ListItem","position":1,"name":"Home","item":"https:\/\/blend.imm.medicina.ulisboa.pt\/"},{"@type":"ListItem","position":2,"name":"Na pele | Diana Mordido Aires"}]}]}},"_links":{"self":[{"href":"https:\/\/blend.imm.medicina.ulisboa.pt\/en\/wp-json\/wp\/v2\/pages\/339"}],"collection":[{"href":"https:\/\/blend.imm.medicina.ulisboa.pt\/en\/wp-json\/wp\/v2\/pages"}],"about":[{"href":"https:\/\/blend.imm.medicina.ulisboa.pt\/en\/wp-json\/wp\/v2\/types\/page"}],"author":[{"embeddable":true,"href":"https:\/\/blend.imm.medicina.ulisboa.pt\/en\/wp-json\/wp\/v2\/users\/13"}],"replies":[{"embeddable":true,"href":"https:\/\/blend.imm.medicina.ulisboa.pt\/en\/wp-json\/wp\/v2\/comments?post=339"}],"version-history":[{"count":2,"href":"https:\/\/blend.imm.medicina.ulisboa.pt\/en\/wp-json\/wp\/v2\/pages\/339\/revisions"}],"predecessor-version":[{"id":359,"href":"https:\/\/blend.imm.medicina.ulisboa.pt\/en\/wp-json\/wp\/v2\/pages\/339\/revisions\/359"}],"wp:attachment":[{"href":"https:\/\/blend.imm.medicina.ulisboa.pt\/en\/wp-json\/wp\/v2\/media?parent=339"}],"curies":[{"name":"wp","href":"https:\/\/api.w.org\/{rel}","templated":true}]}}